{"id":2713,"date":"2023-01-16T15:09:21","date_gmt":"2023-01-16T15:09:21","guid":{"rendered":"https:\/\/brancheenature.fr\/?page_id=2713"},"modified":"2026-02-09T09:09:56","modified_gmt":"2026-02-09T09:09:56","slug":"temoignages","status":"publish","type":"page","link":"https:\/\/brancheenature.fr\/?page_id=2713","title":{"rendered":"Retours d&rsquo;exp\u00e9rience"},"content":{"rendered":"\n<p class=\"has-accent-2-color has-text-color has-link-color wp-elements-b85777db5a4bbc819480c7a59edd372b\">Dans cette rubrique, je partage quelques mots de celles et ceux qui ont v\u00e9cu une exp\u00e9rience Branch\u2019\u00e9e Nature &#8211; stagiaires, participants ou partenaires.<\/p>\n\n\n\n<p><img loading=\"lazy\" decoding=\"async\" height=\"16\" width=\"16\" src=\"https:\/\/static.xx.fbcdn.net\/images\/emoji.php\/v9\/t77\/1.5\/16\/1f33f.png\" alt=\"\ud83c\udf3f\"><img loading=\"lazy\" decoding=\"async\" height=\"16\" width=\"16\" src=\"https:\/\/static.xx.fbcdn.net\/images\/emoji.php\/v9\/t77\/1.5\/16\/1f33f.png\" alt=\"\ud83c\udf3f\"><img loading=\"lazy\" decoding=\"async\" height=\"16\" width=\"16\" src=\"https:\/\/static.xx.fbcdn.net\/images\/emoji.php\/v9\/t77\/1.5\/16\/1f33f.png\" alt=\"\ud83c\udf3f\"><\/p>\n\n\n\n<p>\u00ab\u00a0Le partenariat avec Maryline Brochet de Branch&rsquo;\u00e9e Nature dans le cadre de la<strong> journ\u00e9e Bien \u00eatre en sant\u00e9 mentale &#8211; SISM 2025 <\/strong>a \u00e9t\u00e9 pr\u00e9cieux. Son animation de l&rsquo;apr\u00e8s midi a offert aux participants des exp\u00e9riences de m\u00e9ditation, d&rsquo;ancrage et de visualisation accessible \u00e0 tous dans un milieu naturel. Par une approche tr\u00e8s bienveillante et structur\u00e9e, elle a su s&rsquo;adapter rapidement au lieu et au public. Les outils propos\u00e9s permettent de les r\u00e9-utiliser \u00e0 tout moment, dans toute circonstance. Ce partenariat a pleinement renforc\u00e9 les objectifs de l&rsquo;action autour du mieux \u00eatre psychique et de la restauration du lien social.\u00a0\u00bb\u00a0<strong> Les r\u00e9f\u00e9rentes Insertion Sant\u00e9 du Conseil D\u00e9partemental de la Loz\u00e8re<\/strong> (48) &#8211; 08 janvier 2026\u00a0<\/p>\n\n\n\n<p><img loading=\"lazy\" decoding=\"async\" height=\"16\" width=\"16\" src=\"https:\/\/static.xx.fbcdn.net\/images\/emoji.php\/v9\/t77\/1.5\/16\/1f33f.png\" alt=\"\ud83c\udf3f\"><img loading=\"lazy\" decoding=\"async\" height=\"16\" width=\"16\" src=\"https:\/\/static.xx.fbcdn.net\/images\/emoji.php\/v9\/t77\/1.5\/16\/1f33f.png\" alt=\"\ud83c\udf3f\"><img loading=\"lazy\" decoding=\"async\" height=\"16\" width=\"16\" src=\"https:\/\/static.xx.fbcdn.net\/images\/emoji.php\/v9\/t77\/1.5\/16\/1f33f.png\" alt=\"\ud83c\udf3f\"><\/p>\n\n\n\n<p>\u00ab\u00a0Merci Maryline pour cette belle demi-journ\u00e9e pass\u00e9e ensemble <strong>dans le cadre des Semaines d\u2019Information sur la Sant\u00e9 Mentale <\/strong>! Nous avons eu grand plaisir \u00e0 collaborer avec toi et l\u2019accueil de loisirs de Marvejols pour <strong>sensibiliser les enfants \u00e0 la sant\u00e9 mentale, tout en reliant cette th\u00e9matique \u00e0 la nature.<\/strong> Tes ateliers, \u00e0 la fois cr\u00e9atifs et apaisants, ont permis aux enfants de mieux comprendre leurs \u00e9motions tout en d\u00e9couvrant l\u2019importance de leur environnement. Une belle exp\u00e9rience, pleine de sens et de partage, que nous garderons en m\u00e9moire !\u00a0\u00bb Laure Boissou, <strong>charg\u00e9e de d\u00e9veloppement Maison Sport Sant\u00e9 de Montrodat <\/strong>(48) &#8211; 30 Octobre 2025<\/p>\n\n\n\n<p><img loading=\"lazy\" decoding=\"async\" height=\"16\" width=\"16\" src=\"https:\/\/static.xx.fbcdn.net\/images\/emoji.php\/v9\/t77\/1.5\/16\/1f33f.png\" alt=\"\ud83c\udf3f\"><img loading=\"lazy\" decoding=\"async\" height=\"16\" width=\"16\" src=\"https:\/\/static.xx.fbcdn.net\/images\/emoji.php\/v9\/t77\/1.5\/16\/1f33f.png\" alt=\"\ud83c\udf3f\"><img loading=\"lazy\" decoding=\"async\" height=\"16\" width=\"16\" src=\"https:\/\/static.xx.fbcdn.net\/images\/emoji.php\/v9\/t77\/1.5\/16\/1f33f.png\" alt=\"\ud83c\udf3f\"><\/p>\n\n\n\n<p>Emilie, \u00e9tudiante en BTS Gestion et Protection de la nature, a d\u00e9couvert Branch\u2019\u00e9e Nature \u00e0 l\u2019occasion de son stage \u2013 \u00c9t\u00e9 2025 <\/p>\n\n\n\n<p><a href=\"https:\/\/brancheenature.fr\/?p=3728\" target=\"_blank\" rel=\"noopener\" title=\"\">D\u00e9couvrir son t\u00e9moignage<\/a><\/p>\n\n\n\n<p><\/p>\n\n\n\n<p><img loading=\"lazy\" decoding=\"async\" height=\"16\" width=\"16\" src=\"https:\/\/static.xx.fbcdn.net\/images\/emoji.php\/v9\/t77\/1.5\/16\/1f33f.png\" alt=\"\ud83c\udf3f\"><img loading=\"lazy\" decoding=\"async\" height=\"16\" width=\"16\" src=\"https:\/\/static.xx.fbcdn.net\/images\/emoji.php\/v9\/t77\/1.5\/16\/1f33f.png\" alt=\"\ud83c\udf3f\"><img loading=\"lazy\" decoding=\"async\" height=\"16\" width=\"16\" src=\"https:\/\/static.xx.fbcdn.net\/images\/emoji.php\/v9\/t77\/1.5\/16\/1f33f.png\" alt=\"\ud83c\udf3f\"><\/p>\n\n\n<div class=\"wp-block-image\">\n<figure class=\"aligncenter size-large\"><img loading=\"lazy\" decoding=\"async\" width=\"1024\" height=\"996\" src=\"https:\/\/brancheenature.fr\/wp-content\/uploads\/2025\/07\/20250717_110214-Copie-1024x996.jpg\" alt=\"\" class=\"wp-image-3721\" srcset=\"https:\/\/brancheenature.fr\/wp-content\/uploads\/2025\/07\/20250717_110214-Copie-1024x996.jpg 1024w, https:\/\/brancheenature.fr\/wp-content\/uploads\/2025\/07\/20250717_110214-Copie-300x292.jpg 300w, https:\/\/brancheenature.fr\/wp-content\/uploads\/2025\/07\/20250717_110214-Copie-768x747.jpg 768w, https:\/\/brancheenature.fr\/wp-content\/uploads\/2025\/07\/20250717_110214-Copie-1536x1494.jpg 1536w, https:\/\/brancheenature.fr\/wp-content\/uploads\/2025\/07\/20250717_110214-Copie-2048x1992.jpg 2048w, https:\/\/brancheenature.fr\/wp-content\/uploads\/2025\/07\/20250717_110214-Copie-308x300.jpg 308w\" sizes=\"auto, (max-width: 1024px) 100vw, 1024px\" \/><\/figure><\/div>\n\n<div class=\"wp-block-image\">\n<figure class=\"aligncenter size-large\"><img loading=\"lazy\" decoding=\"async\" width=\"733\" height=\"1024\" src=\"https:\/\/brancheenature.fr\/wp-content\/uploads\/2025\/07\/20250717_110214-Copie-2-733x1024.jpg\" alt=\"\" class=\"wp-image-3722\" srcset=\"https:\/\/brancheenature.fr\/wp-content\/uploads\/2025\/07\/20250717_110214-Copie-2-733x1024.jpg 733w, https:\/\/brancheenature.fr\/wp-content\/uploads\/2025\/07\/20250717_110214-Copie-2-215x300.jpg 215w, https:\/\/brancheenature.fr\/wp-content\/uploads\/2025\/07\/20250717_110214-Copie-2-768x1073.jpg 768w, https:\/\/brancheenature.fr\/wp-content\/uploads\/2025\/07\/20250717_110214-Copie-2-1100x1536.jpg 1100w, https:\/\/brancheenature.fr\/wp-content\/uploads\/2025\/07\/20250717_110214-Copie-2-1466x2048.jpg 1466w, https:\/\/brancheenature.fr\/wp-content\/uploads\/2025\/07\/20250717_110214-Copie-2-scaled.jpg 1833w\" sizes=\"auto, (max-width: 733px) 100vw, 733px\" \/><\/figure><\/div>\n\n\n<div style=\"height:33px\" aria-hidden=\"true\" class=\"wp-block-spacer\"><\/div>\n\n\n\n<p><img loading=\"lazy\" decoding=\"async\" height=\"16\" width=\"16\" src=\"https:\/\/static.xx.fbcdn.net\/images\/emoji.php\/v9\/t77\/1.5\/16\/1f33f.png\" alt=\"\ud83c\udf3f\"><img loading=\"lazy\" decoding=\"async\" height=\"16\" width=\"16\" src=\"https:\/\/static.xx.fbcdn.net\/images\/emoji.php\/v9\/t77\/1.5\/16\/1f33f.png\" alt=\"\ud83c\udf3f\"><img loading=\"lazy\" decoding=\"async\" height=\"16\" width=\"16\" src=\"https:\/\/static.xx.fbcdn.net\/images\/emoji.php\/v9\/t77\/1.5\/16\/1f33f.png\" alt=\"\ud83c\udf3f\"><\/p>\n\n\n\n<p>Lors des temps dehors, j&rsquo;invite les enfants et leurs adultes \u00e0 choisir un galet \u00e9motion.<br>Un petit galet pour identifier comment on se sent, l\u00e0, maintenant.<br><br>\u00a0\u00bb Je suis parti comme \u00e7a: \ud83d\ude0d avec des c\u0153urs dans les yeux et je reviens comme \u00e7a: \ud83e\udd29 avec des \u00e9toiles dans les yeux.\u00a0\u00bb : Parole d&rsquo;enfant lors de la kermesse de l&rsquo;\u00e9cole de Lombers (81) Juin 2025<br><br>Ces mots d&rsquo;enfant r\u00e9sonnent longtemps.<br>Ils disent ce que la nature offre, ce qu&rsquo;elle touche, ce qu&rsquo;elle transforme.<br>Et les galets eux en sont la trace sensible.<\/p>\n\n\n\n<figure class=\"wp-block-image size-large\"><img loading=\"lazy\" decoding=\"async\" width=\"1024\" height=\"683\" src=\"https:\/\/brancheenature.fr\/wp-content\/uploads\/2025\/07\/IMG-20250708-WA0040-1024x683.jpg\" alt=\"\" class=\"wp-image-3725\" srcset=\"https:\/\/brancheenature.fr\/wp-content\/uploads\/2025\/07\/IMG-20250708-WA0040-1024x683.jpg 1024w, https:\/\/brancheenature.fr\/wp-content\/uploads\/2025\/07\/IMG-20250708-WA0040-300x200.jpg 300w, https:\/\/brancheenature.fr\/wp-content\/uploads\/2025\/07\/IMG-20250708-WA0040-768x512.jpg 768w, https:\/\/brancheenature.fr\/wp-content\/uploads\/2025\/07\/IMG-20250708-WA0040-1536x1024.jpg 1536w, https:\/\/brancheenature.fr\/wp-content\/uploads\/2025\/07\/IMG-20250708-WA0040-421x281.jpg 421w, https:\/\/brancheenature.fr\/wp-content\/uploads\/2025\/07\/IMG-20250708-WA0040.jpg 1599w\" sizes=\"auto, (max-width: 1024px) 100vw, 1024px\" \/><\/figure>\n\n\n\n<div style=\"height:26px\" aria-hidden=\"true\" class=\"wp-block-spacer\"><\/div>\n\n\n\n<p><img loading=\"lazy\" decoding=\"async\" height=\"16\" width=\"16\" src=\"https:\/\/static.xx.fbcdn.net\/images\/emoji.php\/v9\/t77\/1.5\/16\/1f33f.png\" alt=\"\ud83c\udf3f\"><img loading=\"lazy\" decoding=\"async\" height=\"16\" width=\"16\" src=\"https:\/\/static.xx.fbcdn.net\/images\/emoji.php\/v9\/t77\/1.5\/16\/1f33f.png\" alt=\"\ud83c\udf3f\"><img loading=\"lazy\" decoding=\"async\" height=\"16\" width=\"16\" src=\"https:\/\/static.xx.fbcdn.net\/images\/emoji.php\/v9\/t77\/1.5\/16\/1f33f.png\" alt=\"\ud83c\udf3f\"><\/p>\n\n\n\n<p>Intervention aupr\u00e8s des 4\u00e8mes du <strong>Lyc\u00e9e Agricole de Flamarens<\/strong>&#8211; Lavaur (81) pour la journ\u00e9e d&rsquo;int\u00e9gration &#8211; Exploration sensorielle dans la nature m\u00eal\u00e9e au cercle de parole PRODAS.<\/p>\n\n\n\n<figure class=\"wp-block-image size-full\"><img loading=\"lazy\" decoding=\"async\" width=\"686\" height=\"617\" src=\"https:\/\/brancheenature.fr\/wp-content\/uploads\/2024\/10\/photo-publi-facebook.png\" alt=\"\" class=\"wp-image-3540\" srcset=\"https:\/\/brancheenature.fr\/wp-content\/uploads\/2024\/10\/photo-publi-facebook.png 686w, https:\/\/brancheenature.fr\/wp-content\/uploads\/2024\/10\/photo-publi-facebook-300x270.png 300w, https:\/\/brancheenature.fr\/wp-content\/uploads\/2024\/10\/photo-publi-facebook-334x300.png 334w\" sizes=\"auto, (max-width: 686px) 100vw, 686px\" \/><figcaption class=\"wp-element-caption\">Publication Facebook 13 09 2024<\/figcaption><\/figure>\n\n\n\n<p><img loading=\"lazy\" decoding=\"async\" height=\"16\" width=\"16\" src=\"https:\/\/static.xx.fbcdn.net\/images\/emoji.php\/v9\/t77\/1.5\/16\/1f33f.png\" alt=\"\ud83c\udf3f\"><img loading=\"lazy\" decoding=\"async\" height=\"16\" width=\"16\" src=\"https:\/\/static.xx.fbcdn.net\/images\/emoji.php\/v9\/t77\/1.5\/16\/1f33f.png\" alt=\"\ud83c\udf3f\"><img loading=\"lazy\" decoding=\"async\" height=\"16\" width=\"16\" src=\"https:\/\/static.xx.fbcdn.net\/images\/emoji.php\/v9\/t77\/1.5\/16\/1f33f.png\" alt=\"\ud83c\udf3f\"><\/p>\n\n\n\n<p><strong>Les chemins de Traverse<\/strong> \u00e0 la Clairi\u00e8re du Pech &#8211; Juillet 2024 &#8211; Retour des parents\/ adultes pr\u00e9sents avec les enfants<\/p>\n\n\n\n<p>\u00ab\u00a0Mille mercis \u00e0 toutes les 2 pour ces <strong>instants d&rsquo;intense partage<\/strong>. A refaire!\u00a0\u00bb   Myriam<\/p>\n\n\n\n<p>\u00ab\u00a0Merci infiniment pour ce moment et pour votre g\u00e9n\u00e9rosit\u00e9 aussi.\u00a0\u00bb Ingrid<\/p>\n\n\n\n<p>\u00ab\u00a0Tr\u00e8s <strong>puissant<\/strong> ce que je ressentais dans la nature ! Merci pour ce beau partage !\u00a0\u00bb Nastasia<\/p>\n\n\n\n<p><\/p>\n\n\n\n<p> <img loading=\"lazy\" decoding=\"async\" height=\"16\" width=\"16\" src=\"https:\/\/static.xx.fbcdn.net\/images\/emoji.php\/v9\/t77\/1.5\/16\/1f33f.png\" alt=\"\ud83c\udf3f\"><img loading=\"lazy\" decoding=\"async\" height=\"16\" width=\"16\" src=\"https:\/\/static.xx.fbcdn.net\/images\/emoji.php\/v9\/t77\/1.5\/16\/1f33f.png\" alt=\"\ud83c\udf3f\"><img loading=\"lazy\" decoding=\"async\" height=\"16\" width=\"16\" src=\"https:\/\/static.xx.fbcdn.net\/images\/emoji.php\/v9\/t77\/1.5\/16\/1f33f.png\" alt=\"\ud83c\udf3f\"><\/p>\n\n\n\n<p>Venue des \u00e9l\u00e8ves du coll\u00e8ge Montessori de Gaillac \u00e0 la Clairi\u00e8re du Pech \u00e0 Puycelsi. Exploration sensorielle m\u00eal\u00e9e au cercle de parole PRODAS.<\/p>\n\n\n\n<figure class=\"wp-block-image size-large\"><img loading=\"lazy\" decoding=\"async\" width=\"711\" height=\"1024\" src=\"https:\/\/brancheenature.fr\/wp-content\/uploads\/2024\/06\/temoignage-Montessori-711x1024.jpg\" alt=\"\" class=\"wp-image-3134\" srcset=\"https:\/\/brancheenature.fr\/wp-content\/uploads\/2024\/06\/temoignage-Montessori-711x1024.jpg 711w, https:\/\/brancheenature.fr\/wp-content\/uploads\/2024\/06\/temoignage-Montessori-208x300.jpg 208w, https:\/\/brancheenature.fr\/wp-content\/uploads\/2024\/06\/temoignage-Montessori.jpg 718w\" sizes=\"auto, (max-width: 711px) 100vw, 711px\" \/><\/figure>\n\n\n\n<p> <img loading=\"lazy\" decoding=\"async\" height=\"16\" width=\"16\" src=\"https:\/\/static.xx.fbcdn.net\/images\/emoji.php\/v9\/t77\/1.5\/16\/1f33f.png\" alt=\"\ud83c\udf3f\"><img loading=\"lazy\" decoding=\"async\" height=\"16\" width=\"16\" src=\"https:\/\/static.xx.fbcdn.net\/images\/emoji.php\/v9\/t77\/1.5\/16\/1f33f.png\" alt=\"\ud83c\udf3f\"><img loading=\"lazy\" decoding=\"async\" height=\"16\" width=\"16\" src=\"https:\/\/static.xx.fbcdn.net\/images\/emoji.php\/v9\/t77\/1.5\/16\/1f33f.png\" alt=\"\ud83c\udf3f\"><\/p>\n\n\n\n<p> \u00ab\u00a0Une exp\u00e9rience unique en r\u00e9sonance avec la nature ! Je me souviens de cette rencontre en miroir avec un v\u00e9g\u00e9tal, il m&rsquo;a fait prendre conscience, en l&rsquo;observant, de <strong>ma r\u00e9alit\u00e9 int\u00e9rieure<\/strong>. J&rsquo;ai \u00e9crit un texte sur lui et je parlais de moi. Un moment de connexion avec les arbres, les plantes, les \u00e9l\u00e9ments, les couleurs qui permet de se d\u00e9couvrir et de <strong>s&rsquo;\u00e9merveiller.<\/strong>  Maryline offre <strong>un espace bienveillant<\/strong>, riche de diversit\u00e9 avec un accompagnement <strong>s\u00e9curisant.<\/strong>\u00a0\u00bb <\/p>\n\n\n\n<p class=\"has-accent-2-color has-text-color\"><em>S\u00e9verine, professionnelle de l&rsquo;\u00e9ducation<\/em><\/p>\n\n\n\n<p> <img loading=\"lazy\" decoding=\"async\" height=\"16\" width=\"16\" src=\"https:\/\/static.xx.fbcdn.net\/images\/emoji.php\/v9\/t77\/1.5\/16\/1f33f.png\" alt=\"\ud83c\udf3f\"><img loading=\"lazy\" decoding=\"async\" height=\"16\" width=\"16\" src=\"https:\/\/static.xx.fbcdn.net\/images\/emoji.php\/v9\/t77\/1.5\/16\/1f33f.png\" alt=\"\ud83c\udf3f\"><img loading=\"lazy\" decoding=\"async\" height=\"16\" width=\"16\" src=\"https:\/\/static.xx.fbcdn.net\/images\/emoji.php\/v9\/t77\/1.5\/16\/1f33f.png\" alt=\"\ud83c\udf3f\"><\/p>\n\n\n\n<p>\u00a0\u00bb <strong>Douceur<\/strong>, c&rsquo;est un des mots avec lequel je repars \u00a0\u00bb <\/p>\n\n\n\n<p class=\"has-accent-2-color has-text-color\"><em>Cathy, travailleur social<\/em><\/p>\n\n\n\n<p>        <img loading=\"lazy\" decoding=\"async\" height=\"16\" width=\"16\" src=\"https:\/\/static.xx.fbcdn.net\/images\/emoji.php\/v9\/t77\/1.5\/16\/1f33f.png\" alt=\"\ud83c\udf3f\"><img loading=\"lazy\" decoding=\"async\" height=\"16\" width=\"16\" src=\"https:\/\/static.xx.fbcdn.net\/images\/emoji.php\/v9\/t77\/1.5\/16\/1f33f.png\" alt=\"\ud83c\udf3f\"><img loading=\"lazy\" decoding=\"async\" height=\"16\" width=\"16\" src=\"https:\/\/static.xx.fbcdn.net\/images\/emoji.php\/v9\/t77\/1.5\/16\/1f33f.png\" alt=\"\ud83c\udf3f\"><\/p>\n\n\n\n<p>\u00a0\u00bb Merci Maryline pour cette belle marche sensible en for\u00eat de Gr\u00e9signe. Apr\u00e8s d\u00e9cantation, voici les mots qui restent en \u00e9cho \u00e0 ton accompagnement : <strong>pr\u00e9sence, attention, douceur, soin, lenteur<\/strong>\u00a0\u00bb  <\/p>\n\n\n\n<p class=\"has-accent-2-color has-text-color\"><em>Jean Michel, accompagnateur de randonn\u00e9e <\/em><\/p>\n\n\n\n<p>        <img loading=\"lazy\" decoding=\"async\" height=\"16\" width=\"16\" src=\"https:\/\/static.xx.fbcdn.net\/images\/emoji.php\/v9\/t77\/1.5\/16\/1f33f.png\" alt=\"\ud83c\udf3f\"><img loading=\"lazy\" decoding=\"async\" height=\"16\" width=\"16\" src=\"https:\/\/static.xx.fbcdn.net\/images\/emoji.php\/v9\/t77\/1.5\/16\/1f33f.png\" alt=\"\ud83c\udf3f\"><img loading=\"lazy\" decoding=\"async\" height=\"16\" width=\"16\" src=\"https:\/\/static.xx.fbcdn.net\/images\/emoji.php\/v9\/t77\/1.5\/16\/1f33f.png\" alt=\"\ud83c\udf3f\"><\/p>\n\n\n\n<p>\u00ab\u00a0Je sens ta <strong>posture d&rsquo;accompagnante<\/strong>.  J&rsquo;ai v\u00e9cu une exp\u00e9rience forte, pendant laquelle j&rsquo;ai pu l\u00e2cher des choses.  La for\u00eat, cet environnement tout autour, on a tous les \u00e9l\u00e9ments qui vont avec un accompagnement. <strong>Top cette d\u00e9marche<\/strong> pour les jeunes !\u00a0\u00bb<\/p>\n\n\n\n<p class=\"has-accent-2-color has-text-color\"><em>Audrey, travailleur social<\/em><\/p>\n\n\n\n<p>        <img loading=\"lazy\" decoding=\"async\" height=\"16\" width=\"16\" src=\"https:\/\/static.xx.fbcdn.net\/images\/emoji.php\/v9\/t77\/1.5\/16\/1f33f.png\" alt=\"\ud83c\udf3f\"><img loading=\"lazy\" decoding=\"async\" height=\"16\" width=\"16\" src=\"https:\/\/static.xx.fbcdn.net\/images\/emoji.php\/v9\/t77\/1.5\/16\/1f33f.png\" alt=\"\ud83c\udf3f\"><img loading=\"lazy\" decoding=\"async\" height=\"16\" width=\"16\" src=\"https:\/\/static.xx.fbcdn.net\/images\/emoji.php\/v9\/t77\/1.5\/16\/1f33f.png\" alt=\"\ud83c\udf3f\"><\/p>\n\n\n\n<p>\u00a0\u00bb <strong>En \u00e9veillant les sens dans cette nature<\/strong>, on a le revers de la m\u00e9daille par rapport \u00e0 ce que l&rsquo;on vit au quotidien. Ca faisait longtemps que je n&rsquo;avais pas ressenti cela\u00a0\u00bb <\/p>\n\n\n\n<p class=\"has-accent-2-color has-text-color\"><em>Camille, travailleur social<\/em><\/p>\n\n\n\n<p>          <img loading=\"lazy\" decoding=\"async\" height=\"16\" width=\"16\" src=\"https:\/\/static.xx.fbcdn.net\/images\/emoji.php\/v9\/t77\/1.5\/16\/1f33f.png\" alt=\"\ud83c\udf3f\"><img loading=\"lazy\" decoding=\"async\" height=\"16\" width=\"16\" src=\"https:\/\/static.xx.fbcdn.net\/images\/emoji.php\/v9\/t77\/1.5\/16\/1f33f.png\" alt=\"\ud83c\udf3f\"><img loading=\"lazy\" decoding=\"async\" height=\"16\" width=\"16\" src=\"https:\/\/static.xx.fbcdn.net\/images\/emoji.php\/v9\/t77\/1.5\/16\/1f33f.png\" alt=\"\ud83c\udf3f\"><\/p>\n\n\n\n<p>\u00ab\u00a0Maryline, je dirai une animatrice<strong> en \u00e9merveillement <\/strong>de la nature! Je lui trouve ce terme tr\u00e8s appropri\u00e9 ! Maryline a permis aux jeunes de d\u00e9couvrir l&rsquo;environnement de fa\u00e7on originale mais surtout <strong>bienveillante<\/strong>, gr\u00e2ce \u00e0 l&rsquo;approche sensible et sensorielle de la nature, l&rsquo;approche cr\u00e9ative et la lecture des indices du monde animal et v\u00e9g\u00e9tal. Et par la m\u00eame occasion, de<strong> s&rsquo;ouvrir \u00e0 l&rsquo;autre<\/strong>, d<strong>&lsquo;apprendre \u00e0 se faire confiance<\/strong> et \u00e0 respecter tout ce qui nous entoure. Exploration, \u00e9coute, ancrage <strong>ont exacerb\u00e9 <\/strong>les bienfaits de cette exp\u00e9rience\u00a0\u00bb <\/p>\n\n\n\n<p class=\"has-accent-2-color has-text-color\"><em>Adeline, animatrice espace de vie sociale de Lacaune<\/em> (81)<\/p>\n\n\n\n<p>          <img loading=\"lazy\" decoding=\"async\" height=\"16\" width=\"16\" src=\"https:\/\/static.xx.fbcdn.net\/images\/emoji.php\/v9\/t77\/1.5\/16\/1f33f.png\" alt=\"\ud83c\udf3f\"><img loading=\"lazy\" decoding=\"async\" height=\"16\" width=\"16\" src=\"https:\/\/static.xx.fbcdn.net\/images\/emoji.php\/v9\/t77\/1.5\/16\/1f33f.png\" alt=\"\ud83c\udf3f\"><img loading=\"lazy\" decoding=\"async\" height=\"16\" width=\"16\" src=\"https:\/\/static.xx.fbcdn.net\/images\/emoji.php\/v9\/t77\/1.5\/16\/1f33f.png\" alt=\"\ud83c\udf3f\"><\/p>\n\n\n\n<p>\u00a0\u00bb La <strong>reconduction de ce partenariat<\/strong> sur les stages durant les vacances scolaires traduit l\u2019importance de ce travail. Suite aux exp\u00e9riences en Nature, nous avons pu noter des bienfaits sur plusieurs domaines au niveau des jeunes. Pour la plupart, nous avons remarqu\u00e9 une&nbsp;\u00e9volution au niveau des connaissances&nbsp;des jeunes sur leur environnement. Ils peuvent et arrivent \u00e0 nommer la faune et la flore qui les entourent et comprennent certains processus naturels (lacs, s\u00e9cheresse..). D\u2019autres jeunes seront plus impact\u00e9s par ces exp\u00e9riences de Nature au point de vue de leur \u00e9tat de <strong>sant\u00e9 mentale<\/strong>. Les jeunes prennent le temps, explorent et d\u00e9couvrent. La Nature grouille de vie et de mouvements, les jeunes d\u00e9veloppent leur curiosit\u00e9 et leur <strong>confiance en eux \u00e0 travers ces d\u00e9couvertes<\/strong>. &nbsp;Cet espace naturel permet aux jeunes de s\u2019ancrer dans leur vie et leur environnement. Ils prennent conscience d\u2019eux-m\u00eames et des autres, qui d\u00e9veloppe ainsi leur <strong>empathie.<\/strong><\/p>\n\n\n\n<p>Le cadre ext\u00e9rieur de ces exp\u00e9riences Nature apporte une dimension physique int\u00e9ressante car il permet aux jeunes de se mouvoir dans un autre contexte que le Jeu. Les exp\u00e9riences de Nature sortent les jeunes de leur zone de confort et permet le d\u00e9veloppement de la motricit\u00e9 en exp\u00e9rimentant. Les jeunes peuvent se d\u00e9passer et am\u00e9liorer leur <strong>estime propre.<\/strong><\/p>\n\n\n\n<p>Pour finir, nous avons pu noter des changements sur leur fa\u00e7on de faire plus responsable au niveau des d\u00e9chets. Les jeunes prennent conscience des causes\/cons\u00e9quences dans leur environnement et changent, pour certains, leurs habitudes. Ces exp\u00e9riences de nature peuvent \u00eatre des <strong>leviers<\/strong> dans la responsabilisation des jeunes, dans l\u2019apprentissage de la patience\/pers\u00e9v\u00e9rance et dans l\u2019implication de la vie citoyenne de chacun. <\/p>\n\n\n\n<p>Je te souhaite une bonne continuation et esp\u00e8re \u00e0 une prochaine collaboration\u00a0\u00bb<\/p>\n\n\n\n<p class=\"has-accent-2-color has-text-color\"><em>Esther, coordinatrice sociale <\/em><\/p>\n\n\n\n<figure class=\"wp-block-gallery has-nested-images columns-default is-cropped wp-block-gallery-1 is-layout-flex wp-block-gallery-is-layout-flex\">\n<figure class=\"wp-block-image size-large\"><img loading=\"lazy\" decoding=\"async\" width=\"1024\" height=\"768\" data-id=\"3292\" src=\"https:\/\/brancheenature.fr\/wp-content\/uploads\/2024\/09\/IMG_7806-1024x768.jpeg\" alt=\"\" class=\"wp-image-3292\" srcset=\"https:\/\/brancheenature.fr\/wp-content\/uploads\/2024\/09\/IMG_7806-1024x768.jpeg 1024w, https:\/\/brancheenature.fr\/wp-content\/uploads\/2024\/09\/IMG_7806-300x225.jpeg 300w, https:\/\/brancheenature.fr\/wp-content\/uploads\/2024\/09\/IMG_7806-768x576.jpeg 768w, https:\/\/brancheenature.fr\/wp-content\/uploads\/2024\/09\/IMG_7806-1536x1152.jpeg 1536w, https:\/\/brancheenature.fr\/wp-content\/uploads\/2024\/09\/IMG_7806-2048x1536.jpeg 2048w, https:\/\/brancheenature.fr\/wp-content\/uploads\/2024\/09\/IMG_7806-400x300.jpeg 400w\" sizes=\"auto, (max-width: 1024px) 100vw, 1024px\" \/><\/figure>\n\n\n\n<figure class=\"wp-block-image size-large\"><img loading=\"lazy\" decoding=\"async\" width=\"1024\" height=\"768\" data-id=\"3290\" src=\"https:\/\/brancheenature.fr\/wp-content\/uploads\/2024\/09\/IMG_7717-1024x768.jpeg\" alt=\"\" class=\"wp-image-3290\" srcset=\"https:\/\/brancheenature.fr\/wp-content\/uploads\/2024\/09\/IMG_7717-1024x768.jpeg 1024w, https:\/\/brancheenature.fr\/wp-content\/uploads\/2024\/09\/IMG_7717-300x225.jpeg 300w, https:\/\/brancheenature.fr\/wp-content\/uploads\/2024\/09\/IMG_7717-768x576.jpeg 768w, https:\/\/brancheenature.fr\/wp-content\/uploads\/2024\/09\/IMG_7717-1536x1152.jpeg 1536w, https:\/\/brancheenature.fr\/wp-content\/uploads\/2024\/09\/IMG_7717-2048x1536.jpeg 2048w, https:\/\/brancheenature.fr\/wp-content\/uploads\/2024\/09\/IMG_7717-400x300.jpeg 400w\" sizes=\"auto, (max-width: 1024px) 100vw, 1024px\" \/><\/figure>\n\n\n\n<figure class=\"wp-block-image size-large\"><img loading=\"lazy\" decoding=\"async\" width=\"1024\" height=\"768\" data-id=\"3288\" src=\"https:\/\/brancheenature.fr\/wp-content\/uploads\/2024\/09\/IMG_7918-1024x768.jpeg\" alt=\"\" class=\"wp-image-3288\" srcset=\"https:\/\/brancheenature.fr\/wp-content\/uploads\/2024\/09\/IMG_7918-1024x768.jpeg 1024w, https:\/\/brancheenature.fr\/wp-content\/uploads\/2024\/09\/IMG_7918-300x225.jpeg 300w, https:\/\/brancheenature.fr\/wp-content\/uploads\/2024\/09\/IMG_7918-768x576.jpeg 768w, https:\/\/brancheenature.fr\/wp-content\/uploads\/2024\/09\/IMG_7918-1536x1152.jpeg 1536w, https:\/\/brancheenature.fr\/wp-content\/uploads\/2024\/09\/IMG_7918-2048x1536.jpeg 2048w, https:\/\/brancheenature.fr\/wp-content\/uploads\/2024\/09\/IMG_7918-400x300.jpeg 400w\" sizes=\"auto, (max-width: 1024px) 100vw, 1024px\" \/><\/figure>\n\n\n\n<figure class=\"wp-block-image size-large\"><img loading=\"lazy\" decoding=\"async\" width=\"1024\" height=\"768\" data-id=\"3285\" src=\"https:\/\/brancheenature.fr\/wp-content\/uploads\/2024\/09\/IMG_7964-1024x768.jpeg\" alt=\"\" class=\"wp-image-3285\" srcset=\"https:\/\/brancheenature.fr\/wp-content\/uploads\/2024\/09\/IMG_7964-1024x768.jpeg 1024w, https:\/\/brancheenature.fr\/wp-content\/uploads\/2024\/09\/IMG_7964-300x225.jpeg 300w, https:\/\/brancheenature.fr\/wp-content\/uploads\/2024\/09\/IMG_7964-768x576.jpeg 768w, https:\/\/brancheenature.fr\/wp-content\/uploads\/2024\/09\/IMG_7964-1536x1152.jpeg 1536w, https:\/\/brancheenature.fr\/wp-content\/uploads\/2024\/09\/IMG_7964-2048x1536.jpeg 2048w, https:\/\/brancheenature.fr\/wp-content\/uploads\/2024\/09\/IMG_7964-400x300.jpeg 400w\" sizes=\"auto, (max-width: 1024px) 100vw, 1024px\" \/><\/figure>\n\n\n\n<figure class=\"wp-block-image size-large\"><img loading=\"lazy\" decoding=\"async\" width=\"1024\" height=\"768\" data-id=\"3287\" src=\"https:\/\/brancheenature.fr\/wp-content\/uploads\/2024\/09\/IMG_7986-1024x768.jpeg\" alt=\"\" class=\"wp-image-3287\" srcset=\"https:\/\/brancheenature.fr\/wp-content\/uploads\/2024\/09\/IMG_7986-1024x768.jpeg 1024w, https:\/\/brancheenature.fr\/wp-content\/uploads\/2024\/09\/IMG_7986-300x225.jpeg 300w, https:\/\/brancheenature.fr\/wp-content\/uploads\/2024\/09\/IMG_7986-768x576.jpeg 768w, https:\/\/brancheenature.fr\/wp-content\/uploads\/2024\/09\/IMG_7986-1536x1152.jpeg 1536w, https:\/\/brancheenature.fr\/wp-content\/uploads\/2024\/09\/IMG_7986-2048x1536.jpeg 2048w, https:\/\/brancheenature.fr\/wp-content\/uploads\/2024\/09\/IMG_7986-400x300.jpeg 400w\" sizes=\"auto, (max-width: 1024px) 100vw, 1024px\" \/><\/figure>\n\n\n\n<figure class=\"wp-block-image size-large\"><img loading=\"lazy\" decoding=\"async\" width=\"768\" height=\"1024\" data-id=\"3286\" src=\"https:\/\/brancheenature.fr\/wp-content\/uploads\/2024\/09\/IMG_8053-768x1024.jpeg\" alt=\"\" class=\"wp-image-3286\" srcset=\"https:\/\/brancheenature.fr\/wp-content\/uploads\/2024\/09\/IMG_8053-768x1024.jpeg 768w, https:\/\/brancheenature.fr\/wp-content\/uploads\/2024\/09\/IMG_8053-225x300.jpeg 225w, https:\/\/brancheenature.fr\/wp-content\/uploads\/2024\/09\/IMG_8053-1152x1536.jpeg 1152w, https:\/\/brancheenature.fr\/wp-content\/uploads\/2024\/09\/IMG_8053-1536x2048.jpeg 1536w, https:\/\/brancheenature.fr\/wp-content\/uploads\/2024\/09\/IMG_8053-scaled.jpeg 1920w\" sizes=\"auto, (max-width: 768px) 100vw, 768px\" \/><\/figure>\n<\/figure>\n","protected":false},"excerpt":{"rendered":"<p>Dans cette rubrique, je partage quelques mots de celles et ceux qui ont v\u00e9cu une exp\u00e9rience Branch\u2019\u00e9e Nature &#8211; stagiaires, participants ou partenaires. \u00ab\u00a0Le partenariat &hellip;<\/p>\n","protected":false},"author":1,"featured_media":0,"parent":0,"menu_order":0,"comment_status":"closed","ping_status":"closed","template":"","meta":{"om_disable_all_campaigns":false,"_uag_custom_page_level_css":"","footnotes":""},"class_list":["post-2713","page","type-page","status-publish","hentry"],"aioseo_notices":[],"uagb_featured_image_src":{"full":false,"thumbnail":false,"medium":false,"medium_large":false,"large":false,"1536x1536":false,"2048x2048":false,"post-thumbnail":false,"bravada-featured":false,"bravada-featured-lp":false,"bravada-featured-half":false,"bravada-featured-third":false,"bravada-lpbox-1":false,"bravada-lpbox-2":false},"uagb_author_info":{"display_name":"Maryline","author_link":"https:\/\/brancheenature.fr\/?author=1"},"uagb_comment_info":0,"uagb_excerpt":"Dans cette rubrique, je partage quelques mots de celles et ceux qui ont v\u00e9cu une exp\u00e9rience Branch\u2019\u00e9e Nature &#8211; stagiaires, participants ou partenaires. \u00ab\u00a0Le partenariat &hellip;","_links":{"self":[{"href":"https:\/\/brancheenature.fr\/index.php?rest_route=\/wp\/v2\/pages\/2713","targetHints":{"allow":["GET"]}}],"collection":[{"href":"https:\/\/brancheenature.fr\/index.php?rest_route=\/wp\/v2\/pages"}],"about":[{"href":"https:\/\/brancheenature.fr\/index.php?rest_route=\/wp\/v2\/types\/page"}],"author":[{"embeddable":true,"href":"https:\/\/brancheenature.fr\/index.php?rest_route=\/wp\/v2\/users\/1"}],"replies":[{"embeddable":true,"href":"https:\/\/brancheenature.fr\/index.php?rest_route=%2Fwp%2Fv2%2Fcomments&post=2713"}],"version-history":[{"count":52,"href":"https:\/\/brancheenature.fr\/index.php?rest_route=\/wp\/v2\/pages\/2713\/revisions"}],"predecessor-version":[{"id":4035,"href":"https:\/\/brancheenature.fr\/index.php?rest_route=\/wp\/v2\/pages\/2713\/revisions\/4035"}],"wp:attachment":[{"href":"https:\/\/brancheenature.fr\/index.php?rest_route=%2Fwp%2Fv2%2Fmedia&parent=2713"}],"curies":[{"name":"wp","href":"https:\/\/api.w.org\/{rel}","templated":true}]}}